{"id":51,"date":"2020-01-08T20:37:28","date_gmt":"2020-01-08T19:37:28","guid":{"rendered":"http:\/\/6io.fr\/beta\/?page_id=51"},"modified":"2026-03-23T17:36:26","modified_gmt":"2026-03-23T16:36:26","slug":"les-tarifs-2020","status":"publish","type":"page","link":"https:\/\/6io.fr\/index.php\/les-tarifs-2020\/","title":{"rendered":"Tarifs"},"content":{"rendered":"\n<h2 class=\"wp-block-heading has-medium-font-size\">Tarifs Sitio valables hors session d&rsquo;\u00e9t\u00e9 <\/h2>\n\n\n\n<p class=\"has-text-align-right has-small-font-size\"><strong><a href=\"https:\/\/6io.fr\/index.php\/tarifs-sessions\/\" data-type=\"page\" data-id=\"92\">Voir les Tarifs session 2026<\/a><\/strong><\/p>\n\n\n\n<p><mark style=\"background-color:rgba(0, 0, 0, 0)\" class=\"has-inline-color has-vivid-red-color\"><strong>Tarif des Chambres d&rsquo;H\u00f4tes avec draps, serviette et petits d\u00e9jeuner inclus<\/strong><\/mark><\/p>\n\n\n\n<p>Une Remise de 25% est accord\u00e9 en basse saison. Cette remise est cumulable avec une remise dur\u00e9e valable durant toute la basse saison : 10% pour les s\u00e9jours de 2 ou 3 nuit\u00e9es cons\u00e9cutives, 20% pour les s\u00e9jours de 4 ou 5 nuit\u00e9es cons\u00e9cutives, 25% pour les s\u00e9jours de 6 nuit\u00e9es cons\u00e9cutives ou 30% pour les s\u00e9jours d&rsquo;une semaine ou plus. Les remises sont calcul\u00e9s uniquement sur le tarif une personne. Il n\u2019y a aucune remise en tr\u00e8s haute saison et les tarifs sont major\u00e9s de 40% pour toutes les chambres d&rsquo;h\u00f4tes sauf pour la chambre familiale o\u00f9 le tarif passe \u00e0 120\u20ac pour 1 ou 2 personnes et 15\u20ac par personne suppl\u00e9mentaire. Ces remises ou majorations ne s&rsquo;appliquent pas aux options ni aux personnes suppl\u00e9mentaires (au del\u00e0 de 1).<\/p>\n\n\n\n<figure class=\"wp-block-table\"><table><tbody><tr><td class=\"has-text-align-center\" data-align=\"center\"><strong>TARIF \u00e0 la nuit\u00e9e<\/strong><\/td><td class=\"has-text-align-center\" data-align=\"center\"><em>1 personne<\/em><\/td><td class=\"has-text-align-center\" data-align=\"center\"><em><strong>2 personnes<\/strong><\/em><\/td><td class=\"has-text-align-center\" data-align=\"center\"><em>3 personnes<\/em><\/td><td class=\"has-text-align-center\" data-align=\"center\">4 personnes<\/td><td class=\"has-text-align-center\" data-align=\"center\">Petit couchage suppl\u00e9mentaire<\/td><\/tr><tr><td class=\"has-text-align-center\" data-align=\"center\"><a href=\"https:\/\/6io.fr\/index.php\/chambre-sainte-marguerite-marie\/\" target=\"_blank\" rel=\"noreferrer noopener\"><em>Chambre <\/em><br><strong>Sainte Marguerite Marie<\/strong><\/a><\/td><td class=\"has-text-align-center\" data-align=\"center\">60,00\u20ac<\/td><td class=\"has-text-align-center\" data-align=\"center\"><strong>80,00\u20ac<\/strong><\/td><td class=\"has-text-align-center\" data-align=\"center\">n\u00e9ant<\/td><td class=\"has-text-align-center\" data-align=\"center\">n\u00e9ant<\/td><td class=\"has-text-align-center\" data-align=\"center\">20,00\u20ac<\/td><\/tr><tr><td class=\"has-text-align-center\" data-align=\"center\"><a href=\"https:\/\/6io.fr\/index.php\/chambre-saint-jean-paul-ii\/\" target=\"_blank\" rel=\"noreferrer noopener\"><em>Chambre<\/em><strong><em> <\/em><\/strong><br><strong>Saint Jean-Paul II<\/strong><\/a><\/td><td class=\"has-text-align-center\" data-align=\"center\">60,00\u20ac<\/td><td class=\"has-text-align-center\" data-align=\"center\"><strong>80,00\u20ac<\/strong><\/td><td class=\"has-text-align-center\" data-align=\"center\"><em>n\u00e9ant<\/em><\/td><td class=\"has-text-align-center\" data-align=\"center\">n\u00e9ant<\/td><td class=\"has-text-align-center\" data-align=\"center\">20,00\u20ac<\/td><\/tr><tr><td class=\"has-text-align-center\" data-align=\"center\"><a href=\"https:\/\/6io.fr\/index.php\/chambre-saint-claude-la-colombiere\/\" target=\"_blank\" rel=\"noreferrer noopener\">Chambre<br><strong>Saint Claude la Colombi\u00e8re<\/strong><\/a><\/td><td class=\"has-text-align-center\" data-align=\"center\">65,00\u20ac<\/td><td class=\"has-text-align-center\" data-align=\"center\">85,00\u20ac<\/td><td class=\"has-text-align-center\" data-align=\"center\">105,00\u20ac<\/td><td class=\"has-text-align-center\" data-align=\"center\">125,00\u20ac<\/td><td class=\"has-text-align-center\" data-align=\"center\">20,00\u20ac<\/td><\/tr><tr><td class=\"has-text-align-center\" data-align=\"center\"><a href=\"https:\/\/6io.fr\/index.php\/chambre-saint-antoine\/\" target=\"_blank\" rel=\"noreferrer noopener\">Chambre<br><strong>Saint Antoine<\/strong><\/a><\/td><td class=\"has-text-align-center\" data-align=\"center\">50,00\u20ac<\/td><td class=\"has-text-align-center\" data-align=\"center\"><strong>65,00\u20ac<\/strong><\/td><td class=\"has-text-align-center\" data-align=\"center\">n\u00e9ant<\/td><td class=\"has-text-align-center\" data-align=\"center\">n\u00e9ant<\/td><td class=\"has-text-align-center\" data-align=\"center\">15,00\u20ac<\/td><\/tr><tr><td class=\"has-text-align-center\" data-align=\"center\"><a href=\"https:\/\/6io.fr\/index.php\/chambre-saint-augustin\/\">Chambre<br><strong>Saint Augustin<\/strong><\/a><\/td><td class=\"has-text-align-center\" data-align=\"center\"><strong>50,00\u20ac<\/strong><\/td><td class=\"has-text-align-center\" data-align=\"center\">65,00\u20ac<\/td><td class=\"has-text-align-center\" data-align=\"center\"><em>n\u00e9ant<\/em><\/td><td class=\"has-text-align-center\" data-align=\"center\">n\u00e9ant<\/td><td class=\"has-text-align-center\" data-align=\"center\">15,00\u20ac<\/td><\/tr><\/tbody><\/table><figcaption class=\"wp-element-caption\">5\u20ac de frais de dossier  ainsi que la taxe de s\u00e9jour de 0,80\u20ac par adulte et par nuit est \u00e0 compter en plus.<br>Un petit couchage peut \u00eatre un lit parapluie fourni ou un matelas 120, 140 ou 160 cm de long<\/figcaption><\/figure>\n\n\n\n<p><br><\/p>\n\n\n\n<figure class=\"wp-block-table\"><table><tbody><tr><td><em><strong>TARIF <a href=\"https:\/\/6io.fr\/index.php\/gite-lorette-21-m2-t1\/\" target=\"_blank\" rel=\"noreferrer noopener\">Lorette G\u00eete 21m2<\/a><\/strong> pour 1  personne<\/em><\/td><td class=\"has-text-align-center\" data-align=\"center\"><strong>Une nuit\u00e9e<\/strong><\/td><td class=\"has-text-align-center\" data-align=\"center\"><strong>Une semaine<\/strong><\/td><\/tr><tr><td>Basse saison<\/td><td class=\"has-text-align-center\" data-align=\"center\"><em>54,00\u20ac<\/em><\/td><td class=\"has-text-align-center\" data-align=\"center\"><em>264,60\u20ac<\/em><\/td><\/tr><tr><td><em>Moyenne Saison<\/em><br><\/td><td class=\"has-text-align-center\" data-align=\"center\">64,80\u20ac<\/td><td class=\"has-text-align-center\" data-align=\"center\">317,52\u20ac<\/td><\/tr><tr><td><em>Haute Saison<\/em><\/td><td class=\"has-text-align-center\" data-align=\"center\">72,00\u20ac<\/td><td class=\"has-text-align-center\" data-align=\"center\">504,00\u20ac<\/td><\/tr><tr><td>Tr\u00e8s haute Saison<\/td><td class=\"has-text-align-center\" data-align=\"center\">120,00\u20ac<\/td><td class=\"has-text-align-center\" data-align=\"center\">840,00\u20ac<\/td><\/tr><tr><td>Un adulte suppl\u00e9mentaire<\/td><td class=\"has-text-align-center\" data-align=\"center\">16,50\u20ac<\/td><td class=\"has-text-align-center\" data-align=\"center\">115,50\u20ac<\/td><\/tr><tr><td>Un mineur suppl\u00e9mentaire<\/td><td class=\"has-text-align-center\" data-align=\"center\">15,00\u20ac<\/td><td class=\"has-text-align-center\" data-align=\"center\">105,00\u20ac<\/td><\/tr><tr><td>Kit Petit d\u00e9jeuner\/<sub>pers. (uniquement sur r\u00e9servation \u00e0 certaine p\u00e9riode)<\/sub><\/td><td class=\"has-text-align-center\" data-align=\"center\">7,50\u20ac<\/td><td class=\"has-text-align-center\" data-align=\"center\">52,50\u20ac<\/td><\/tr><tr><td>Kit repas\/<sub>pers. (uniquement sur r\u00e9servation \u00e0 certaine p\u00e9riode)<\/sub><\/td><td class=\"has-text-align-center\" data-align=\"center\">15,00\u20ac<\/td><td class=\"has-text-align-center\" data-align=\"center\">105,00\u20ac<\/td><\/tr><\/tbody><\/table><figcaption class=\"wp-element-caption\">5\u20ac de frais de dossier  ainsi que la taxe de s\u00e9jour de 1,50\u20ac par adulte et par nuit est \u00e0 compter en plus.<br>BS =&gt; Basse Saison : tous les jours sauf f\u00eates et vacances toutes zone et hors THS<br>MS =&gt; Moyenne Saison : f\u00eates et toutes vacances toutes zones hors vacances d&rsquo;\u00e9t\u00e9 et hors THS<br>HS =&gt; Haute saison : juillet aout hors THS<br>THS=&gt; Tr\u00e8s Haute Saison : Session et \u00e9v\u00e8nements sur Paray le Monial<\/figcaption><\/figure>\n\n\n\n<p><\/p>\n\n\n\n<p><\/p>\n\n\n\n<figure class=\"wp-block-table\"><table><tbody><tr><td><em><strong>Tarif pour 6 personnes<\/strong><\/em> <strong><a rel=\"noreferrer noopener\" href=\"https:\/\/6io.fr\/index.php\/gite-bethleem-37m2-t2\/\" target=\"_blank\">Bethl\u00e9em G\u00eete 37m2<\/a><\/strong><\/td><td><strong>Une nuit\u00e9e<\/strong><\/td><td><strong>Une semaine<\/strong><\/td><\/tr><tr><td><em>Basse saison<\/em><\/td><td>    90,00\u20ac <\/td><td>        441,00\u20ac<\/td><\/tr><tr><td><em>Moyenne Saison<\/em><\/td><td>    101,25\u20ac<\/td><td>        496,13\u20ac<\/td><\/tr><tr><td><em>Haute saison<\/em><\/td><td>   140,00\u20ac<\/td><td>        686,00\u20ac<\/td><\/tr><tr><td>Tr\u00e8s Haute saison<\/td><td>   155,00\u20ac<\/td><td>     1 085,00\u20ac<\/td><\/tr><tr><td>Kit Petit d\u00e9jeuner<sub>\/pers.<\/sub> <sub>(uniquement sur r\u00e9servation \u00e0 certaine p\u00e9riode)<\/sub><\/td><td>       7,50\u20ac<\/td><td>          52,50\u20ac<\/td><\/tr><tr><td>Kit Repas<sub>\/pers. (uniquement sur r\u00e9servation \u00e0 certaine p\u00e9riode)<\/sub><\/td><td>     15,00\u20ac<\/td><td>        105,00\u20ac<\/td><\/tr><\/tbody><\/table><figcaption class=\"wp-element-caption\">5\u20ac de frais de dossier  ainsi que la taxe de s\u00e9jour de 0,90\u20ac par adulte et par nuit est \u00e0 compter en plus.<br>BS =&gt; Basse Saison : tous les jours sauf f\u00eates et vacances toutes zone hors THS<br>MS =&gt; Moyenne Saison : f\u00eates et toutes vacances toutes zones hors vacances d&rsquo;\u00e9t\u00e9 hors THS<br>HS =&gt; Haute saison : juillet aout hors THS<br>THS=&gt; Tr\u00e8s Haute Saison : Tarifs durant les sessions et \u00e9v\u00e8nements longue dur\u00e9e sur Paray le Monial<\/figcaption><\/figure>\n\n\n\n<p><\/p>\n\n\n\n<figure class=\"wp-block-table\"><table><tbody><tr><td><strong>TARIF<\/strong><em> <\/em><strong>1 \u00e0 11 personnes<\/strong> <strong><a rel=\"noreferrer noopener\" href=\"https:\/\/6io.fr\/index.php\/gite-bethanie-96m2-t4\/\" target=\"_blank\">Bethanie G\u00eete 96m2<\/a><\/strong><\/td><td class=\"has-text-align-center\" data-align=\"center\"><strong>Une nuit\u00e9e<\/strong><\/td><td class=\"has-text-align-center\" data-align=\"center\"><strong>Une semaine<\/strong><\/td><\/tr><tr><td><em>Basse saison <\/em><\/td><td class=\"has-text-align-center\" data-align=\"center\">    157,50\u20ac<\/td><td class=\"has-text-align-center\" data-align=\"center\">    771,75\u20ac<\/td><\/tr><tr><td><em>Moyenne saison<\/em><\/td><td class=\"has-text-align-center\" data-align=\"center\">    189,00\u20ac<\/td><td class=\"has-text-align-center\" data-align=\"center\">    926,10\u20ac<\/td><\/tr><tr><td><em>Haute saison<\/em><\/td><td class=\"has-text-align-center\" data-align=\"center\">    210,00\u20ac<\/td><td class=\"has-text-align-center\" data-align=\"center\">  1 029,00\u20ac<\/td><\/tr><tr><td>Tr\u00e8s haute saison<\/td><td class=\"has-text-align-center\" data-align=\"center\">    250,00\u20ac<\/td><td class=\"has-text-align-center\" data-align=\"center\">  1 750,00\u20ac<\/td><\/tr><tr><td>Kit Petit d\u00e9jeuner\/<sub>pers. (uniquement sur r\u00e9servation \u00e0 certaine p\u00e9riode)<\/sub><\/td><td class=\"has-text-align-center\" data-align=\"center\">7,50\u20ac<\/td><td class=\"has-text-align-center\" data-align=\"center\">52,50\u20ac<\/td><\/tr><tr><td>Kit repas\/<sub>pers. (uniquement sur r\u00e9servation \u00e0 certaine p\u00e9riode)<\/sub><\/td><td class=\"has-text-align-center\" data-align=\"center\">15,00\u20ac<\/td><td class=\"has-text-align-center\" data-align=\"center\">105,00\u20ac<\/td><\/tr><\/tbody><\/table><figcaption class=\"wp-element-caption\">5\u20ac de frais de dossier  ainsi que la taxe de s\u00e9jour de 1,500\u20ac par adulte et par nuit est \u00e0 compter en plus.<br>BS =&gt; Basse Saison : tous les jours sauf f\u00eates et vacances toutes zone et hors THS<br>MS =&gt; Moyenne Saison : f\u00eates et toutes vacances toutes zones hors vacances d&rsquo;\u00e9t\u00e9 et THS<br>HS =&gt; Haute saison : juillet aout hors THS<br>THS=&gt; Durant les sessions et \u00e9v\u00e8nements organis\u00e9s sur Paray le Monial<\/figcaption><\/figure>\n\n\n\n<div class=\"wp-block-buttons is-content-justification-center is-layout-flex wp-container-core-buttons-is-layout-fca80a07 wp-block-buttons-is-layout-flex\">\n<div class=\"wp-block-button has-custom-width wp-block-button__width-25 is-style-outline is-style-outline--1\"><a class=\"wp-block-button__link has-luminous-vivid-amber-background-color has-background wp-element-button\" href=\"https:\/\/6io.fr\/index.php\/tarifs-sessions\/\">Voir les tarifs Sessions 2026<\/a><\/div>\n<\/div>\n","protected":false},"excerpt":{"rendered":"<p>Tarifs Sitio valables hors session d&rsquo;\u00e9t\u00e9 Voir les Tarifs session 2026 Tarif des Chambres d&rsquo;H\u00f4tes avec draps, serviette et petits d\u00e9jeuner inclus Une Remise de 25% est accord\u00e9 en basse saison. Cette remise est cumulable avec une remise dur\u00e9e valable durant toute la basse saison : 10% pour les s\u00e9jours de 2 ou 3 nuit\u00e9es &hellip; <\/p>\n<p class=\"link-more\"><a href=\"https:\/\/6io.fr\/index.php\/les-tarifs-2020\/\" class=\"more-link\">Continuer la lecture<span class=\"screen-reader-text\"> de &laquo;&nbsp;Tarifs&nbsp;&raquo;<\/span><\/a><\/p>\n","protected":false},"author":1,"featured_media":0,"parent":0,"menu_order":0,"comment_status":"closed","ping_status":"closed","template":"","meta":{"footnotes":""},"class_list":["post-51","page","type-page","status-publish","hentry"],"_links":{"self":[{"href":"https:\/\/6io.fr\/index.php\/wp-json\/wp\/v2\/pages\/51","targetHints":{"allow":["GET"]}}],"collection":[{"href":"https:\/\/6io.fr\/index.php\/wp-json\/wp\/v2\/pages"}],"about":[{"href":"https:\/\/6io.fr\/index.php\/wp-json\/wp\/v2\/types\/page"}],"author":[{"embeddable":true,"href":"https:\/\/6io.fr\/index.php\/wp-json\/wp\/v2\/users\/1"}],"replies":[{"embeddable":true,"href":"https:\/\/6io.fr\/index.php\/wp-json\/wp\/v2\/comments?post=51"}],"version-history":[{"count":48,"href":"https:\/\/6io.fr\/index.php\/wp-json\/wp\/v2\/pages\/51\/revisions"}],"predecessor-version":[{"id":1132,"href":"https:\/\/6io.fr\/index.php\/wp-json\/wp\/v2\/pages\/51\/revisions\/1132"}],"wp:attachment":[{"href":"https:\/\/6io.fr\/index.php\/wp-json\/wp\/v2\/media?parent=51"}],"curies":[{"name":"wp","href":"https:\/\/api.w.org\/{rel}","templated":true}]}}